{"id":264,"date":"2022-09-21T10:28:52","date_gmt":"2022-09-21T15:28:52","guid":{"rendered":"https:\/\/phoniquemedia.com\/evenements\/"},"modified":"2022-10-20T05:49:53","modified_gmt":"2022-10-20T10:49:53","slug":"evenements","status":"publish","type":"page","link":"https:\/\/phoniquemedia.com\/fr\/evenements\/","title":{"rendered":"\u00c9v\u00e9nements"},"content":{"rendered":"<p>[et_pb_section fb_built=\u00a0\u00bb1&Prime; _builder_version=\u00a0\u00bb4.18.0&Prime; _module_preset=\u00a0\u00bbdefault\u00a0\u00bb custom_padding=\u00a0\u00bb||0px|||\u00a0\u00bb global_colors_info=\u00a0\u00bb{}\u00a0\u00bb][et_pb_row _builder_version=\u00a0\u00bb4.18.0&Prime; _module_preset=\u00a0\u00bbdefault\u00a0\u00bb background_image=\u00a0\u00bbhttps:\/\/phoniquemedia.com\/wp-content\/uploads\/2022\/09\/Events-scaled.jpg\u00a0\u00bb height=\u00a0\u00bb450px\u00a0\u00bb max_height=\u00a0\u00bb450px\u00a0\u00bb global_colors_info=\u00a0\u00bb{}\u00a0\u00bb][et_pb_column type=\u00a0\u00bb4_4&Prime; _builder_version=\u00a0\u00bb4.18.0&Prime; _module_preset=\u00a0\u00bbdefault\u00a0\u00bb global_colors_info=\u00a0\u00bb{}\u00a0\u00bb][\/et_pb_column][\/et_pb_row][\/et_pb_section][et_pb_section fb_built=\u00a0\u00bb1&Prime; _builder_version=\u00a0\u00bb4.18.0&Prime; _module_preset=\u00a0\u00bbdefault\u00a0\u00bb custom_padding=\u00a0\u00bb0px||0px|||\u00a0\u00bb global_colors_info=\u00a0\u00bb{}\u00a0\u00bb][et_pb_row _builder_version=\u00a0\u00bb4.18.0&Prime; _module_preset=\u00a0\u00bbdefault\u00a0\u00bb global_colors_info=\u00a0\u00bb{}\u00a0\u00bb][et_pb_column type=\u00a0\u00bb4_4&Prime; _builder_version=\u00a0\u00bb4.18.0&Prime; _module_preset=\u00a0\u00bbdefault\u00a0\u00bb global_colors_info=\u00a0\u00bb{}\u00a0\u00bb][et_pb_text _builder_version=\u00a0\u00bb4.18.0&Prime; _module_preset=\u00a0\u00bbdefault\u00a0\u00bb ul_line_height=\u00a0\u00bb2em\u00a0\u00bb header_text_color=\u00a0\u00bb#000000&Prime; header_font_size=\u00a0\u00bb40px\u00a0\u00bb hover_enabled=\u00a0\u00bb0&Prime; global_colors_info=\u00a0\u00bb{}\u00a0\u00bb sticky_enabled=\u00a0\u00bb0&Prime;]<\/p>\n<h1>\u00c9v\u00e9nements<\/h1>\n<p>Une h\u00f4te de talent sait captiver son auditoire, respecter l\u2019horaire pr\u00e9vu pour les \u00e9v\u00e9nements et faire preuve de souplesse pour r\u00e9soudre les probl\u00e8mes, sans perdre le sourire.<br \/>Une h\u00f4te exceptionnelle peut faire tout \u00e7a, tout en r\u00e9ussissant \u00e0 positionner avec fluidit\u00e9 ses invit\u00e9s, les organisations et les messages cl\u00e9s, en ne manquant pas de choisir le moment id\u00e9al pour les amener \u00e0 l\u2019avant-sc\u00e8ne. La personnalit\u00e9 r\u00e9solument charismatique de Monique LaCoste et sa vaste exp\u00e9rience savent charmer son auditoire et en font l\u2019h\u00f4te parfaite pour faire briller les autres sous le feu des projecteurs.<\/p>\n<p>[\/et_pb_text][\/et_pb_column][\/et_pb_row][et_pb_row _builder_version=\u00a0\u00bb4.18.0&Prime; _module_preset=\u00a0\u00bbdefault\u00a0\u00bb column_structure=\u00a0\u00bb1_3,1_3,1_3&Prime;][et_pb_column _builder_version=\u00a0\u00bb4.18.0&Prime; _module_preset=\u00a0\u00bbdefault\u00a0\u00bb type=\u00a0\u00bb1_3&Prime;][et_pb_blurb title=\u00a0\u00bbSur place\u00a0\u00bb image=\u00a0\u00bbhttps:\/\/phoniquemedia.com\/wp-content\/uploads\/2022\/09\/Screen-Shot-2021-09-30-at-11.34.18-AM.png\u00a0\u00bb _builder_version=\u00a0\u00bb4.18.0&Prime; _module_preset=\u00a0\u00bbdefault\u00a0\u00bb title_text=\u00a0\u00bbScreen-Shot-2021-09-30-at-11.34.18-AM\u00a0\u00bb icon_placement=\u00a0\u00bbleft\u00a0\u00bb hover_enabled=\u00a0\u00bb0&Prime; sticky_enabled=\u00a0\u00bb0&Prime; body_font=\u00a0\u00bb|300|||||||\u00a0\u00bb]<\/p>\n<p>Congr\u00e8s, conf\u00e9rences, c\u00e9r\u00e9monies de remise de prix et galas, notre \u00e9quipe est compl\u00e8tement vaccin\u00e9e et pr\u00eate \u00e0 se d\u00e9placer, l\u00e0 o\u00f9 votre \u00e9v\u00e9nement se d\u00e9roule.<\/p>\n<p>[\/et_pb_blurb][\/et_pb_column][et_pb_column _builder_version=\u00a0\u00bb4.18.0&Prime; _module_preset=\u00a0\u00bbdefault\u00a0\u00bb type=\u00a0\u00bb1_3&Prime;][et_pb_blurb title=\u00a0\u00bbUnivers virtuel\u00a0\u00bb image=\u00a0\u00bbhttps:\/\/phoniquemedia.com\/wp-content\/uploads\/2022\/09\/Screen-Shot-2021-09-30-at-11.56.32-AM.png\u00a0\u00bb _builder_version=\u00a0\u00bb4.18.0&Prime; _module_preset=\u00a0\u00bbdefault\u00a0\u00bb title_text=\u00a0\u00bbScreen-Shot-2021-09-30-at-11.56.32-AM\u00a0\u00bb icon_placement=\u00a0\u00bbleft\u00a0\u00bb hover_enabled=\u00a0\u00bb0&Prime; sticky_enabled=\u00a0\u00bb0&Prime; header_font=\u00a0\u00bb|||on|||||\u00a0\u00bb global_colors_info=\u00a0\u00bb{}\u00a0\u00bb body_font=\u00a0\u00bb|300|||||||\u00a0\u00bb]<\/p>\n<p>La vaste exp\u00e9rience en radiodiffusion de notre \u00e9quipe et son studio de production professionnel permet de pr\u00e9senter hors site des \u00e9v\u00e9nements d\u2019une qualit\u00e9 irr\u00e9prochable.<\/p>\n<p>[\/et_pb_blurb][\/et_pb_column][et_pb_column _builder_version=\u00a0\u00bb4.18.0&Prime; _module_preset=\u00a0\u00bbdefault\u00a0\u00bb type=\u00a0\u00bb1_3&Prime;][et_pb_blurb title=\u00a0\u00bbFormule hybride\u00a0\u00bb image=\u00a0\u00bbhttps:\/\/phoniquemedia.com\/wp-content\/uploads\/2022\/09\/Screen-Shot-2021-09-30-at-11.58.36-AM.png\u00a0\u00bb _builder_version=\u00a0\u00bb4.18.0&Prime; _module_preset=\u00a0\u00bbdefault\u00a0\u00bb title_text=\u00a0\u00bbScreen-Shot-2021-09-30-at-11.58.36-AM\u00a0\u00bb icon_placement=\u00a0\u00bbleft\u00a0\u00bb hover_enabled=\u00a0\u00bb0&Prime; sticky_enabled=\u00a0\u00bb0&Prime; header_font=\u00a0\u00bb|||on|||||\u00a0\u00bb global_colors_info=\u00a0\u00bb{}\u00a0\u00bb body_font=\u00a0\u00bb|300|||||||\u00a0\u00bb]<\/p>\n<p>Votre \u00e9v\u00e9nement sera une source d\u2019inspiration. Notre \u00e9quipe veillera \u00e0 l\u2019optimiser, qu\u2019il soit pr\u00e9sent\u00e9 en personne, virtuellement ou en formule hybride.<\/p>\n<p>[\/et_pb_blurb][\/et_pb_column][\/et_pb_row][et_pb_row _builder_version=\u00a0\u00bb4.18.0&Prime; _module_preset=\u00a0\u00bbdefault\u00a0\u00bb][et_pb_column _builder_version=\u00a0\u00bb4.18.0&Prime; _module_preset=\u00a0\u00bbdefault\u00a0\u00bb type=\u00a0\u00bb4_4&Prime;][et_pb_text ul_position=\u00a0\u00bbinside\u00a0\u00bb ul_item_indent=\u00a0\u00bb30px\u00a0\u00bb _builder_version=\u00a0\u00bb4.18.0&Prime; _module_preset=\u00a0\u00bbdefault\u00a0\u00bb global_colors_info=\u00a0\u00bb{}\u00a0\u00bb]<\/p>\n<p>Phonique M\u00e9dia tire parti de la carri\u00e8re florissante de sa fondatrice, Monique LaCoste, pour conqu\u00e9rir les auditoires de toutes les tailles. Cette h\u00f4te r\u00e9put\u00e9e d\u2019\u00e9v\u00e9nements d\u2019envergure poss\u00e8de des qualit\u00e9s recherch\u00e9es :<\/p>\n<ul>\n<li>Une sensibilit\u00e9 journalistique lui permettant de formuler les observations ou les questions qui s\u2019imposent, au moment opportun.<\/li>\n<li>Un impeccable sens du timing, une connaissance de la mise en ondes et d\u2019excellentes capacit\u00e9s de r\u00e9solution de probl\u00e8mes.<\/li>\n<li>Cette communicatrice m\u00e9tisse parfaitement bilingue peut faire le pont entre les cultures.<\/li>\n<\/ul>\n<p>[\/et_pb_text][\/et_pb_column][\/et_pb_row][\/et_pb_section][et_pb_section fb_built=\u00a0\u00bb1&Prime; _builder_version=\u00a0\u00bb4.18.0&Prime; _module_preset=\u00a0\u00bbdefault\u00a0\u00bb custom_padding=\u00a0\u00bb0px||0px|||\u00a0\u00bb global_colors_info=\u00a0\u00bb{}\u00a0\u00bb][et_pb_row _builder_version=\u00a0\u00bb4.18.0&Prime; _module_preset=\u00a0\u00bbdefault\u00a0\u00bb global_colors_info=\u00a0\u00bb{}\u00a0\u00bb][et_pb_column type=\u00a0\u00bb4_4&Prime; _builder_version=\u00a0\u00bb4.18.0&Prime; _module_preset=\u00a0\u00bbdefault\u00a0\u00bb global_colors_info=\u00a0\u00bb{}\u00a0\u00bb][et_pb_text _builder_version=\u00a0\u00bb4.18.0&Prime; _module_preset=\u00a0\u00bbdefault\u00a0\u00bb hover_enabled=\u00a0\u00bb0&Prime; global_colors_info=\u00a0\u00bb{}\u00a0\u00bb sticky_enabled=\u00a0\u00bb0&Prime;]<\/p>\n<h2><span>\u00c9v\u00e9nements r\u00e9cents<\/span><\/h2>\n<p>[\/et_pb_text][\/et_pb_column][\/et_pb_row][et_pb_row column_structure=\u00a0\u00bb1_2,1_2&Prime; use_custom_gutter=\u00a0\u00bbon\u00a0\u00bb gutter_width=\u00a0\u00bb2&Prime; make_equal=\u00a0\u00bbon\u00a0\u00bb _builder_version=\u00a0\u00bb4.18.0&Prime; _module_preset=\u00a0\u00bbdefault\u00a0\u00bb locked=\u00a0\u00bboff\u00a0\u00bb global_colors_info=\u00a0\u00bb{}\u00a0\u00bb][et_pb_column type=\u00a0\u00bb1_2&Prime; _builder_version=\u00a0\u00bb4.18.0&Prime; _module_preset=\u00a0\u00bbdefault\u00a0\u00bb custom_padding=\u00a0\u00bb35px|30px|35px|30px|true|true\u00a0\u00bb border_width_all=\u00a0\u00bb1px\u00a0\u00bb border_color_all=\u00a0\u00bb#e4e4e4&Prime; border_width_bottom=\u00a0\u00bb4px\u00a0\u00bb border_color_bottom=\u00a0\u00bb#0080ba\u00a0\u00bb global_colors_info=\u00a0\u00bb{}\u00a0\u00bb][et_pb_image src=\u00a0\u00bbhttps:\/\/phoniquemedia.com\/wp-content\/uploads\/2022\/09\/Screen-Shot-2021-09-30-at-11.56.32-AM.png\u00a0\u00bb title_text=\u00a0\u00bbScreen-Shot-2021-09-30-at-11.56.32-AM\u00a0\u00bb align=\u00a0\u00bbcenter\u00a0\u00bb _builder_version=\u00a0\u00bb4.18.0&Prime; _module_preset=\u00a0\u00bbdefault\u00a0\u00bb width=\u00a0\u00bb10%\u00a0\u00bb width_tablet=\u00a0\u00bb10%\u00a0\u00bb width_phone=\u00a0\u00bb15%\u00a0\u00bb width_last_edited=\u00a0\u00bbon|phone\u00a0\u00bb hover_enabled=\u00a0\u00bb0&Prime; global_colors_info=\u00a0\u00bb{}\u00a0\u00bb sticky_enabled=\u00a0\u00bb0&Prime;][\/et_pb_image][et_pb_text _builder_version=\u00a0\u00bb4.18.0&Prime; _module_preset=\u00a0\u00bbdefault\u00a0\u00bb text_orientation=\u00a0\u00bbcenter\u00a0\u00bb custom_margin=\u00a0\u00bb20px||||false|false\u00a0\u00bb hover_enabled=\u00a0\u00bb0&Prime; global_colors_info=\u00a0\u00bb{}\u00a0\u00bb sticky_enabled=\u00a0\u00bb0&Prime;]<\/p>\n<h3><span>Conf\u00e9rence annuelle Sonocon 2022<\/span><\/h3>\n<p>Client: <span>Sonography Canada<\/span><br \/><span>30 sept &#8211; 2 oct, 2022<\/span><br \/>Auditoire : 800+<br \/>R\u00f4le : <span>H\u00f4te\/Mod\u00e9ratrice de la conf\u00e9rence<\/span><br \/>Langues parl\u00e9es : fran\u00e7ais et anglais<\/p>\n<p>[\/et_pb_text][\/et_pb_column][et_pb_column type=\u00a0\u00bb1_2&Prime; _builder_version=\u00a0\u00bb4.18.0&Prime; _module_preset=\u00a0\u00bbdefault\u00a0\u00bb custom_padding=\u00a0\u00bb35px|30px|35px|30px|true|true\u00a0\u00bb border_width_all=\u00a0\u00bb1px\u00a0\u00bb border_color_all=\u00a0\u00bb#e4e4e4&Prime; border_width_bottom=\u00a0\u00bb4px\u00a0\u00bb border_color_bottom=\u00a0\u00bb#0080ba\u00a0\u00bb global_colors_info=\u00a0\u00bb{}\u00a0\u00bb][et_pb_image src=\u00a0\u00bbhttps:\/\/phoniquemedia.com\/wp-content\/uploads\/2022\/09\/Screen-Shot-2021-09-30-at-11.56.32-AM.png\u00a0\u00bb title_text=\u00a0\u00bbScreen-Shot-2021-09-30-at-11.56.32-AM\u00a0\u00bb align=\u00a0\u00bbcenter\u00a0\u00bb _builder_version=\u00a0\u00bb4.18.0&Prime; _module_preset=\u00a0\u00bbdefault\u00a0\u00bb width=\u00a0\u00bb10%\u00a0\u00bb width_tablet=\u00a0\u00bb10%\u00a0\u00bb width_phone=\u00a0\u00bb15%\u00a0\u00bb width_last_edited=\u00a0\u00bbon|phone\u00a0\u00bb hover_enabled=\u00a0\u00bb0&Prime; global_colors_info=\u00a0\u00bb{}\u00a0\u00bb sticky_enabled=\u00a0\u00bb0&Prime;][\/et_pb_image][et_pb_text _builder_version=\u00a0\u00bb4.18.0&Prime; _module_preset=\u00a0\u00bbdefault\u00a0\u00bb text_orientation=\u00a0\u00bbcenter\u00a0\u00bb custom_margin=\u00a0\u00bb20px||||false|false\u00a0\u00bb hover_enabled=\u00a0\u00bb0&Prime; global_colors_info=\u00a0\u00bb{}\u00a0\u00bb sticky_enabled=\u00a0\u00bb0&Prime;]<\/p>\n<h3><span>S\u00e9ances Q &amp; R &#8211; Semaine nationale de la v\u00e9rit\u00e9 et de la r\u00e9conciliation<\/span><\/h3>\n<p>Client: <span>Centre national de la v\u00e9rit\u00e9 et de la r\u00e9concilation<\/span><span class=\"aan\"> <\/span><br \/><span>26-28 sept, 2022<\/span><br \/>Auditoire : <span>2 million +<\/span><br \/>R\u00f4le: Mod\u00e9ratrice de la table ronde<br \/>Langue parl\u00e9 : fran\u00e7ais<\/p>\n<p>[\/et_pb_text][\/et_pb_column][\/et_pb_row][et_pb_row column_structure=\u00a0\u00bb1_2,1_2&Prime; use_custom_gutter=\u00a0\u00bbon\u00a0\u00bb gutter_width=\u00a0\u00bb2&Prime; make_equal=\u00a0\u00bbon\u00a0\u00bb _builder_version=\u00a0\u00bb4.18.0&Prime; _module_preset=\u00a0\u00bbdefault\u00a0\u00bb locked=\u00a0\u00bboff\u00a0\u00bb global_colors_info=\u00a0\u00bb{}\u00a0\u00bb][et_pb_column type=\u00a0\u00bb1_2&Prime; _builder_version=\u00a0\u00bb4.18.0&Prime; _module_preset=\u00a0\u00bbdefault\u00a0\u00bb custom_padding=\u00a0\u00bb35px|30px|35px|30px|true|true\u00a0\u00bb border_width_all=\u00a0\u00bb1px\u00a0\u00bb border_color_all=\u00a0\u00bb#e4e4e4&Prime; border_width_bottom=\u00a0\u00bb4px\u00a0\u00bb border_color_bottom=\u00a0\u00bb#0080ba\u00a0\u00bb global_colors_info=\u00a0\u00bb{}\u00a0\u00bb][et_pb_image src=\u00a0\u00bbhttps:\/\/phoniquemedia.com\/wp-content\/uploads\/2022\/09\/Screen-Shot-2021-09-30-at-11.34.18-AM.png\u00a0\u00bb title_text=\u00a0\u00bbScreen-Shot-2021-09-30-at-11.34.18-AM\u00a0\u00bb align=\u00a0\u00bbcenter\u00a0\u00bb _builder_version=\u00a0\u00bb4.18.0&Prime; _module_preset=\u00a0\u00bbdefault\u00a0\u00bb width=\u00a0\u00bb10%\u00a0\u00bb width_tablet=\u00a0\u00bb10%\u00a0\u00bb width_phone=\u00a0\u00bb15%\u00a0\u00bb width_last_edited=\u00a0\u00bbon|phone\u00a0\u00bb global_colors_info=\u00a0\u00bb{}\u00a0\u00bb][\/et_pb_image][et_pb_text _builder_version=\u00a0\u00bb4.18.0&Prime; _module_preset=\u00a0\u00bbdefault\u00a0\u00bb text_orientation=\u00a0\u00bbcenter\u00a0\u00bb custom_margin=\u00a0\u00bb20px||||false|false\u00a0\u00bb hover_enabled=\u00a0\u00bb0&Prime; global_colors_info=\u00a0\u00bb{}\u00a0\u00bb sticky_enabled=\u00a0\u00bb0&Prime;]<\/p>\n<h3>Conf\u00e9rence manitobaine sur le tourisme<\/h3>\n<p>Client: Travel Manitoba and Tourism Winnipeg<br \/>12-14 sept, 2022<br \/>Auditoire : 300<br \/>R\u00f4le : H\u00f4te\/Ma\u00eetresse de C\u00e9r\u00e9monie de la conf\u00e9rence<br \/>Langue parl\u00e9 : anglais<\/p>\n<p>[\/et_pb_text][\/et_pb_column][et_pb_column type=\u00a0\u00bb1_2&Prime; _builder_version=\u00a0\u00bb4.18.0&Prime; _module_preset=\u00a0\u00bbdefault\u00a0\u00bb custom_padding=\u00a0\u00bb35px|30px|35px|30px|true|true\u00a0\u00bb border_width_all=\u00a0\u00bb1px\u00a0\u00bb border_color_all=\u00a0\u00bb#e4e4e4&Prime; border_width_bottom=\u00a0\u00bb4px\u00a0\u00bb border_color_bottom=\u00a0\u00bb#0080ba\u00a0\u00bb global_colors_info=\u00a0\u00bb{}\u00a0\u00bb][et_pb_image src=\u00a0\u00bbhttps:\/\/phoniquemedia.com\/wp-content\/uploads\/2022\/09\/Screen-Shot-2021-09-30-at-11.34.18-AM.png\u00a0\u00bb title_text=\u00a0\u00bbScreen-Shot-2021-09-30-at-11.34.18-AM\u00a0\u00bb align=\u00a0\u00bbcenter\u00a0\u00bb _builder_version=\u00a0\u00bb4.18.0&Prime; _module_preset=\u00a0\u00bbdefault\u00a0\u00bb width=\u00a0\u00bb10%\u00a0\u00bb width_tablet=\u00a0\u00bb10%\u00a0\u00bb width_phone=\u00a0\u00bb15%\u00a0\u00bb width_last_edited=\u00a0\u00bbon|phone\u00a0\u00bb global_colors_info=\u00a0\u00bb{}\u00a0\u00bb][\/et_pb_image][et_pb_text _builder_version=\u00a0\u00bb4.18.0&Prime; _module_preset=\u00a0\u00bbdefault\u00a0\u00bb text_orientation=\u00a0\u00bbcenter\u00a0\u00bb custom_margin=\u00a0\u00bb20px||||false|false\u00a0\u00bb hover_enabled=\u00a0\u00bb0&Prime; global_colors_info=\u00a0\u00bb{}\u00a0\u00bb sticky_enabled=\u00a0\u00bb0&Prime;]<\/p>\n<h3>Conf\u00e9rence annuelle CanSPEP<\/h3>\n<p>Client: Canadian Society of Professional Event Planners<br \/>2-5 ao\u00fbt, 2022<br \/>Auditoire : 100<br \/>R\u00f4le : H\u00f4te\/Ma\u00eetresse de C\u00e9r\u00e9monie<br \/>Langues parl\u00e9es : fran\u00e7ais et anglais<\/p>\n<p>[\/et_pb_text][\/et_pb_column][\/et_pb_row][et_pb_row column_structure=\u00a0\u00bb1_2,1_2&Prime; use_custom_gutter=\u00a0\u00bbon\u00a0\u00bb gutter_width=\u00a0\u00bb2&Prime; make_equal=\u00a0\u00bbon\u00a0\u00bb _builder_version=\u00a0\u00bb4.18.0&Prime; _module_preset=\u00a0\u00bbdefault\u00a0\u00bb locked=\u00a0\u00bboff\u00a0\u00bb global_colors_info=\u00a0\u00bb{}\u00a0\u00bb][et_pb_column type=\u00a0\u00bb1_2&Prime; _builder_version=\u00a0\u00bb4.18.0&Prime; _module_preset=\u00a0\u00bbdefault\u00a0\u00bb custom_padding=\u00a0\u00bb35px|30px|35px|30px|true|true\u00a0\u00bb border_width_all=\u00a0\u00bb1px\u00a0\u00bb border_color_all=\u00a0\u00bb#e4e4e4&Prime; border_width_bottom=\u00a0\u00bb4px\u00a0\u00bb border_color_bottom=\u00a0\u00bb#0080ba\u00a0\u00bb global_colors_info=\u00a0\u00bb{}\u00a0\u00bb][et_pb_image src=\u00a0\u00bbhttps:\/\/phoniquemedia.com\/wp-content\/uploads\/2022\/09\/Screen-Shot-2021-09-30-at-11.56.32-AM.png\u00a0\u00bb title_text=\u00a0\u00bbScreen-Shot-2021-09-30-at-11.56.32-AM\u00a0\u00bb align=\u00a0\u00bbcenter\u00a0\u00bb _builder_version=\u00a0\u00bb4.18.0&Prime; _module_preset=\u00a0\u00bbdefault\u00a0\u00bb width=\u00a0\u00bb10%\u00a0\u00bb width_tablet=\u00a0\u00bb10%\u00a0\u00bb width_phone=\u00a0\u00bb15%\u00a0\u00bb width_last_edited=\u00a0\u00bbon|phone\u00a0\u00bb hover_enabled=\u00a0\u00bb0&Prime; global_colors_info=\u00a0\u00bb{}\u00a0\u00bb sticky_enabled=\u00a0\u00bb0&Prime;][\/et_pb_image][et_pb_text _builder_version=\u00a0\u00bb4.18.0&Prime; _module_preset=\u00a0\u00bbdefault\u00a0\u00bb text_orientation=\u00a0\u00bbcenter\u00a0\u00bb custom_margin=\u00a0\u00bb20px||||false|false\u00a0\u00bb hover_enabled=\u00a0\u00bb0&Prime; global_colors_info=\u00a0\u00bb{}\u00a0\u00bb sticky_enabled=\u00a0\u00bb0&Prime;]<\/p>\n<h3>AGA et journ\u00e9e de formation professionnelle<\/h3>\n<p>Client: Sonography Canada<br \/>18 juin 2022<br \/>Auditoire : 450<br \/>R\u00f4le : H\u00f4te\/Mod\u00e9ratrice de la table ronde<br \/>Langues parl\u00e9es : fran\u00e7ais et anglais<\/p>\n<p>[\/et_pb_text][\/et_pb_column][et_pb_column type=\u00a0\u00bb1_2&Prime; _builder_version=\u00a0\u00bb4.18.0&Prime; _module_preset=\u00a0\u00bbdefault\u00a0\u00bb custom_padding=\u00a0\u00bb35px|30px|35px|30px|true|true\u00a0\u00bb border_width_all=\u00a0\u00bb1px\u00a0\u00bb border_color_all=\u00a0\u00bb#e4e4e4&Prime; border_width_bottom=\u00a0\u00bb4px\u00a0\u00bb border_color_bottom=\u00a0\u00bb#0080ba\u00a0\u00bb global_colors_info=\u00a0\u00bb{}\u00a0\u00bb][et_pb_image src=\u00a0\u00bbhttps:\/\/phoniquemedia.com\/wp-content\/uploads\/2022\/09\/Screen-Shot-2021-09-30-at-11.58.36-AM.png\u00a0\u00bb title_text=\u00a0\u00bbScreen-Shot-2021-09-30-at-11.58.36-AM\u00a0\u00bb align=\u00a0\u00bbcenter\u00a0\u00bb _builder_version=\u00a0\u00bb4.18.0&Prime; _module_preset=\u00a0\u00bbdefault\u00a0\u00bb width=\u00a0\u00bb10%\u00a0\u00bb width_tablet=\u00a0\u00bb10%\u00a0\u00bb width_phone=\u00a0\u00bb15%\u00a0\u00bb width_last_edited=\u00a0\u00bbon|phone\u00a0\u00bb hover_enabled=\u00a0\u00bb0&Prime; global_colors_info=\u00a0\u00bb{}\u00a0\u00bb sticky_enabled=\u00a0\u00bb0&Prime;][\/et_pb_image][et_pb_text _builder_version=\u00a0\u00bb4.18.0&Prime; _module_preset=\u00a0\u00bbdefault\u00a0\u00bb text_orientation=\u00a0\u00bbcenter\u00a0\u00bb custom_margin=\u00a0\u00bb20px||||false|false\u00a0\u00bb hover_enabled=\u00a0\u00bb0&Prime; global_colors_info=\u00a0\u00bb{}\u00a0\u00bb sticky_enabled=\u00a0\u00bb0&Prime;]<\/p>\n<h3>Prix d&rsquo;excellence<\/h3>\n<p>Client: Soci\u00e9t\u00e9 canadienne des relations publiques<br \/>7 juin 2022<br \/>Auditoire : 100<br \/>R\u00f4le : H\u00f4te\/Ma\u00eetresse de C\u00e9r\u00e9monie<br \/>Langues parl\u00e9es : fran\u00e7ais et anglais<\/p>\n<p>[\/et_pb_text][\/et_pb_column][\/et_pb_row][et_pb_row column_structure=\u00a0\u00bb1_2,1_2&Prime; use_custom_gutter=\u00a0\u00bbon\u00a0\u00bb gutter_width=\u00a0\u00bb2&Prime; make_equal=\u00a0\u00bbon\u00a0\u00bb _builder_version=\u00a0\u00bb4.18.0&Prime; _module_preset=\u00a0\u00bbdefault\u00a0\u00bb locked=\u00a0\u00bboff\u00a0\u00bb global_colors_info=\u00a0\u00bb{}\u00a0\u00bb][et_pb_column type=\u00a0\u00bb1_2&Prime; _builder_version=\u00a0\u00bb4.18.0&Prime; _module_preset=\u00a0\u00bbdefault\u00a0\u00bb custom_padding=\u00a0\u00bb35px|30px|35px|30px|true|true\u00a0\u00bb border_width_all=\u00a0\u00bb1px\u00a0\u00bb border_color_all=\u00a0\u00bb#e4e4e4&Prime; border_width_bottom=\u00a0\u00bb4px\u00a0\u00bb border_color_bottom=\u00a0\u00bb#0080ba\u00a0\u00bb global_colors_info=\u00a0\u00bb{}\u00a0\u00bb][et_pb_image src=\u00a0\u00bbhttps:\/\/phoniquemedia.com\/wp-content\/uploads\/2022\/09\/Screen-Shot-2021-09-30-at-11.34.18-AM.png\u00a0\u00bb title_text=\u00a0\u00bbScreen-Shot-2021-09-30-at-11.34.18-AM\u00a0\u00bb align=\u00a0\u00bbcenter\u00a0\u00bb _builder_version=\u00a0\u00bb4.18.0&Prime; _module_preset=\u00a0\u00bbdefault\u00a0\u00bb width=\u00a0\u00bb10%\u00a0\u00bb width_tablet=\u00a0\u00bb10%\u00a0\u00bb width_phone=\u00a0\u00bb15%\u00a0\u00bb width_last_edited=\u00a0\u00bbon|phone\u00a0\u00bb global_colors_info=\u00a0\u00bb{}\u00a0\u00bb][\/et_pb_image][et_pb_text _builder_version=\u00a0\u00bb4.18.0&Prime; _module_preset=\u00a0\u00bbdefault\u00a0\u00bb text_orientation=\u00a0\u00bbcenter\u00a0\u00bb custom_margin=\u00a0\u00bb20px||||false|false\u00a0\u00bb hover_enabled=\u00a0\u00bb0&Prime; global_colors_info=\u00a0\u00bb{}\u00a0\u00bb sticky_enabled=\u00a0\u00bb0&Prime;]<\/p>\n<h3>Curling, Curling en fauteuil roulant<\/h3>\n<p>Client: Jeux olympiques et paralympiques de Beijing 20222<br \/>4-20 f\u00e9v, 4-13 mars 2022<br \/>Auditoire : 30 000+<br \/>R\u00f4le: Annonceure de stade<br \/>Langues parl\u00e9es : fran\u00e7ais et anglais<\/p>\n<p>[\/et_pb_text][\/et_pb_column][et_pb_column type=\u00a0\u00bb1_2&Prime; _builder_version=\u00a0\u00bb4.18.0&Prime; _module_preset=\u00a0\u00bbdefault\u00a0\u00bb custom_padding=\u00a0\u00bb35px|30px|35px|30px|true|true\u00a0\u00bb border_width_all=\u00a0\u00bb1px\u00a0\u00bb border_color_all=\u00a0\u00bb#e4e4e4&Prime; border_width_bottom=\u00a0\u00bb4px\u00a0\u00bb border_color_bottom=\u00a0\u00bb#0080ba\u00a0\u00bb global_colors_info=\u00a0\u00bb{}\u00a0\u00bb][et_pb_image src=\u00a0\u00bbhttps:\/\/phoniquemedia.com\/wp-content\/uploads\/2022\/09\/Screen-Shot-2021-09-30-at-11.34.18-AM.png\u00a0\u00bb title_text=\u00a0\u00bbScreen-Shot-2021-09-30-at-11.34.18-AM\u00a0\u00bb align=\u00a0\u00bbcenter\u00a0\u00bb _builder_version=\u00a0\u00bb4.18.0&Prime; _module_preset=\u00a0\u00bbdefault\u00a0\u00bb width=\u00a0\u00bb10%\u00a0\u00bb width_tablet=\u00a0\u00bb10%\u00a0\u00bb width_phone=\u00a0\u00bb15%\u00a0\u00bb width_last_edited=\u00a0\u00bbon|phone\u00a0\u00bb global_colors_info=\u00a0\u00bb{}\u00a0\u00bb][\/et_pb_image][et_pb_text _builder_version=\u00a0\u00bb4.18.0&Prime; _module_preset=\u00a0\u00bbdefault\u00a0\u00bb text_orientation=\u00a0\u00bbcenter\u00a0\u00bb custom_margin=\u00a0\u00bb20px||||false|false\u00a0\u00bb global_colors_info=\u00a0\u00bb{}\u00a0\u00bb]<\/p>\n<h3>2018 Conf\u00e9rence nationale Community Futures<\/h3>\n<p>Client: Community Futures Manitoba<br \/>Juin 2018<br \/>Auditoire : 600<br \/>R\u00f4le : H\u00f4te\/Ma\u00eetresse de C\u00e9r\u00e9monie de la conf\u00e9rence<br \/>Langues parl\u00e9es : fran\u00e7ais et anglais<\/p>\n<p>[\/et_pb_text][\/et_pb_column][\/et_pb_row][et_pb_row column_structure=\u00a0\u00bb1_2,1_2&Prime; use_custom_gutter=\u00a0\u00bbon\u00a0\u00bb gutter_width=\u00a0\u00bb2&Prime; make_equal=\u00a0\u00bbon\u00a0\u00bb _builder_version=\u00a0\u00bb4.18.0&Prime; _module_preset=\u00a0\u00bbdefault\u00a0\u00bb locked=\u00a0\u00bboff\u00a0\u00bb global_colors_info=\u00a0\u00bb{}\u00a0\u00bb][et_pb_column type=\u00a0\u00bb1_2&Prime; _builder_version=\u00a0\u00bb4.18.0&Prime; _module_preset=\u00a0\u00bbdefault\u00a0\u00bb custom_padding=\u00a0\u00bb35px|30px|35px|30px|true|true\u00a0\u00bb border_width_all=\u00a0\u00bb1px\u00a0\u00bb border_color_all=\u00a0\u00bb#e4e4e4&Prime; border_width_bottom=\u00a0\u00bb4px\u00a0\u00bb border_color_bottom=\u00a0\u00bb#0080ba\u00a0\u00bb global_colors_info=\u00a0\u00bb{}\u00a0\u00bb][et_pb_image src=\u00a0\u00bbhttps:\/\/phoniquemedia.com\/wp-content\/uploads\/2022\/09\/Screen-Shot-2021-09-30-at-11.34.18-AM.png\u00a0\u00bb title_text=\u00a0\u00bbScreen-Shot-2021-09-30-at-11.34.18-AM\u00a0\u00bb align=\u00a0\u00bbcenter\u00a0\u00bb _builder_version=\u00a0\u00bb4.18.0&Prime; _module_preset=\u00a0\u00bbdefault\u00a0\u00bb width=\u00a0\u00bb10%\u00a0\u00bb width_tablet=\u00a0\u00bb10%\u00a0\u00bb width_phone=\u00a0\u00bb15%\u00a0\u00bb width_last_edited=\u00a0\u00bbon|phone\u00a0\u00bb global_colors_info=\u00a0\u00bb{}\u00a0\u00bb][\/et_pb_image][et_pb_text _builder_version=\u00a0\u00bb4.18.0&Prime; _module_preset=\u00a0\u00bbdefault\u00a0\u00bb text_orientation=\u00a0\u00bbcenter\u00a0\u00bb custom_margin=\u00a0\u00bb20px||||false|false\u00a0\u00bb global_colors_info=\u00a0\u00bb{}\u00a0\u00bb]<\/p>\n<h3>Table ronde des organismes d&rsquo;application de la loi sur les drogues 2019<\/h3>\n<p>Octobre 2019<br \/>Auditoire : 100-150<br \/>R\u00f4le : Mod\u00e9ratrice de la table ronde\/Ma\u00eetresse de c\u00e9r\u00e9monies<br \/>Langues parl\u00e9es : fran\u00e7ais et anglais<\/p>\n<p>[\/et_pb_text][\/et_pb_column][et_pb_column type=\u00a0\u00bb1_2&Prime; _builder_version=\u00a0\u00bb4.18.0&Prime; _module_preset=\u00a0\u00bbdefault\u00a0\u00bb custom_padding=\u00a0\u00bb35px|30px|35px|30px|true|true\u00a0\u00bb border_width_all=\u00a0\u00bb1px\u00a0\u00bb border_color_all=\u00a0\u00bb#e4e4e4&Prime; border_width_bottom=\u00a0\u00bb4px\u00a0\u00bb border_color_bottom=\u00a0\u00bb#0080ba\u00a0\u00bb global_colors_info=\u00a0\u00bb{}\u00a0\u00bb][et_pb_image src=\u00a0\u00bbhttps:\/\/phoniquemedia.com\/wp-content\/uploads\/2022\/09\/Screen-Shot-2021-09-30-at-11.34.18-AM.png\u00a0\u00bb title_text=\u00a0\u00bbScreen-Shot-2021-09-30-at-11.34.18-AM\u00a0\u00bb align=\u00a0\u00bbcenter\u00a0\u00bb _builder_version=\u00a0\u00bb4.18.0&Prime; _module_preset=\u00a0\u00bbdefault\u00a0\u00bb width=\u00a0\u00bb10%\u00a0\u00bb width_tablet=\u00a0\u00bb10%\u00a0\u00bb width_phone=\u00a0\u00bb15%\u00a0\u00bb width_last_edited=\u00a0\u00bbon|phone\u00a0\u00bb global_colors_info=\u00a0\u00bb{}\u00a0\u00bb][\/et_pb_image][et_pb_text _builder_version=\u00a0\u00bb4.18.0&Prime; _module_preset=\u00a0\u00bbdefault\u00a0\u00bb text_orientation=\u00a0\u00bbcenter\u00a0\u00bb custom_margin=\u00a0\u00bb20px||||false|false\u00a0\u00bb global_colors_info=\u00a0\u00bb{}\u00a0\u00bb]<\/p>\n<h3>Le gala Avenir des droits de la personne, Novembre 2019<\/h3>\n<p>Client: Mus\u00e9e canadien des droits de la personne<br \/>Auditoire : 500-600<br \/>R\u00f4le: Ma\u00eetresse de c\u00e9r\u00e9monies<br \/>Langues parl\u00e9es : fran\u00e7ais et anglais<\/p>\n<p>[\/et_pb_text][\/et_pb_column][\/et_pb_row][et_pb_row column_structure=\u00a0\u00bb1_2,1_2&Prime; use_custom_gutter=\u00a0\u00bbon\u00a0\u00bb gutter_width=\u00a0\u00bb2&Prime; make_equal=\u00a0\u00bbon\u00a0\u00bb _builder_version=\u00a0\u00bb4.18.0&Prime; _module_preset=\u00a0\u00bbdefault\u00a0\u00bb hover_enabled=\u00a0\u00bb0&Prime; locked=\u00a0\u00bboff\u00a0\u00bb global_colors_info=\u00a0\u00bb{}\u00a0\u00bb sticky_enabled=\u00a0\u00bb0&Prime;][et_pb_column type=\u00a0\u00bb1_2&Prime; _builder_version=\u00a0\u00bb4.18.0&Prime; _module_preset=\u00a0\u00bbdefault\u00a0\u00bb custom_padding=\u00a0\u00bb35px|30px|35px|30px|true|true\u00a0\u00bb border_width_all=\u00a0\u00bb1px\u00a0\u00bb border_color_all=\u00a0\u00bb#e4e4e4&Prime; border_width_bottom=\u00a0\u00bb4px\u00a0\u00bb border_color_bottom=\u00a0\u00bb#0080ba\u00a0\u00bb global_colors_info=\u00a0\u00bb{}\u00a0\u00bb][et_pb_image src=\u00a0\u00bbhttps:\/\/phoniquemedia.com\/wp-content\/uploads\/2022\/09\/Screen-Shot-2021-09-30-at-11.34.18-AM.png\u00a0\u00bb title_text=\u00a0\u00bbScreen-Shot-2021-09-30-at-11.34.18-AM\u00a0\u00bb align=\u00a0\u00bbcenter\u00a0\u00bb _builder_version=\u00a0\u00bb4.18.0&Prime; _module_preset=\u00a0\u00bbdefault\u00a0\u00bb width=\u00a0\u00bb10%\u00a0\u00bb width_tablet=\u00a0\u00bb10%\u00a0\u00bb width_phone=\u00a0\u00bb15%\u00a0\u00bb width_last_edited=\u00a0\u00bbon|phone\u00a0\u00bb global_colors_info=\u00a0\u00bb{}\u00a0\u00bb][\/et_pb_image][et_pb_text _builder_version=\u00a0\u00bb4.18.0&Prime; _module_preset=\u00a0\u00bbdefault\u00a0\u00bb text_orientation=\u00a0\u00bbcenter\u00a0\u00bb custom_margin=\u00a0\u00bb20px||||false|false\u00a0\u00bb global_colors_info=\u00a0\u00bb{}\u00a0\u00bb]<\/p>\n<h3>Lausanne 2020 Jeux olympiques de la jeunesse<\/h3>\n<p>Client: Van Wagner Sports and Entertainment<br \/>Janvier 2020<br \/>Auditoire : 5,000<br \/>R\u00f4le: Annonceure, \u00e9quipe de pr\u00e9sentation sportive, Curling<br \/>Langues parl\u00e9es : fran\u00e7ais et anglais<\/p>\n<p>[\/et_pb_text][\/et_pb_column][et_pb_column type=\u00a0\u00bb1_2&Prime; _builder_version=\u00a0\u00bb4.18.0&Prime; _module_preset=\u00a0\u00bbdefault\u00a0\u00bb custom_padding=\u00a0\u00bb35px|30px|35px|30px|true|true\u00a0\u00bb border_width_all=\u00a0\u00bb1px\u00a0\u00bb border_color_all=\u00a0\u00bb#e4e4e4&Prime; border_width_bottom=\u00a0\u00bb4px\u00a0\u00bb border_color_bottom=\u00a0\u00bb#0080ba\u00a0\u00bb global_colors_info=\u00a0\u00bb{}\u00a0\u00bb][\/et_pb_column][\/et_pb_row][\/et_pb_section][et_pb_section fb_built=\u00a0\u00bb1&Prime; _builder_version=\u00a0\u00bb4.18.0&Prime; _module_preset=\u00a0\u00bbdefault\u00a0\u00bb global_colors_info=\u00a0\u00bb{}\u00a0\u00bb][et_pb_row _builder_version=\u00a0\u00bb4.18.0&Prime; _module_preset=\u00a0\u00bbdefault\u00a0\u00bb global_colors_info=\u00a0\u00bb{}\u00a0\u00bb][et_pb_column type=\u00a0\u00bb4_4&Prime; _builder_version=\u00a0\u00bb4.18.0&Prime; _module_preset=\u00a0\u00bbdefault\u00a0\u00bb global_colors_info=\u00a0\u00bb{}\u00a0\u00bb][et_pb_text _builder_version=\u00a0\u00bb4.18.0&Prime; _module_preset=\u00a0\u00bbdefault\u00a0\u00bb global_colors_info=\u00a0\u00bb{}\u00a0\u00bb]<\/p>\n<h2><span>Videos<\/span><\/h2>\n<p>[\/et_pb_text][\/et_pb_column][\/et_pb_row][et_pb_row column_structure=\u00a0\u00bb1_2,1_2&Prime; _builder_version=\u00a0\u00bb4.18.0&Prime; _module_preset=\u00a0\u00bbdefault\u00a0\u00bb global_colors_info=\u00a0\u00bb{}\u00a0\u00bb][et_pb_column type=\u00a0\u00bb1_2&Prime; _builder_version=\u00a0\u00bb4.18.0&Prime; _module_preset=\u00a0\u00bbdefault\u00a0\u00bb global_colors_info=\u00a0\u00bb{}\u00a0\u00bb][et_pb_video src=\u00a0\u00bbhttps:\/\/vimeo.com\/585091607&Prime; image_src=\u00a0\u00bb\/\/i.vimeocdn.com\/video\/1210815401-e9b59315efe1689d00bf4f33e8fcfa975c5481f7e0698eae825844f04236616e-d_960&Prime; _builder_version=\u00a0\u00bb4.18.0&Prime; _module_preset=\u00a0\u00bbdefault\u00a0\u00bb global_colors_info=\u00a0\u00bb{}\u00a0\u00bb][\/et_pb_video][\/et_pb_column][et_pb_column type=\u00a0\u00bb1_2&Prime; _builder_version=\u00a0\u00bb4.18.0&Prime; _module_preset=\u00a0\u00bbdefault\u00a0\u00bb global_colors_info=\u00a0\u00bb{}\u00a0\u00bb][et_pb_video src=\u00a0\u00bbhttps:\/\/vimeo.com\/583851504&Prime; _builder_version=\u00a0\u00bb4.18.0&Prime; _module_preset=\u00a0\u00bbdefault\u00a0\u00bb global_colors_info=\u00a0\u00bb{}\u00a0\u00bb][\/et_pb_video][\/et_pb_column][\/et_pb_row][\/et_pb_section]<\/p>\n","protected":false},"excerpt":{"rendered":"<p>\u00c9v\u00e9nements Une h\u00f4te de talent sait captiver son auditoire, respecter l\u2019horaire pr\u00e9vu pour les \u00e9v\u00e9nements et faire preuve de souplesse pour r\u00e9soudre les probl\u00e8mes, sans perdre le sourire.Une h\u00f4te exceptionnelle peut faire tout \u00e7a, tout en r\u00e9ussissant \u00e0 positionner avec fluidit\u00e9 ses invit\u00e9s, les organisations et les messages cl\u00e9s, en ne manquant pas de choisir [&hellip;]<\/p>\n","protected":false},"author":1,"featured_media":0,"parent":0,"menu_order":0,"comment_status":"closed","ping_status":"closed","template":"","meta":{"_et_pb_use_builder":"on","_et_pb_old_content":"","_et_gb_content_width":"","footnotes":""},"class_list":["post-264","page","type-page","status-publish","hentry"],"_links":{"self":[{"href":"https:\/\/phoniquemedia.com\/fr\/wp-json\/wp\/v2\/pages\/264","targetHints":{"allow":["GET"]}}],"collection":[{"href":"https:\/\/phoniquemedia.com\/fr\/wp-json\/wp\/v2\/pages"}],"about":[{"href":"https:\/\/phoniquemedia.com\/fr\/wp-json\/wp\/v2\/types\/page"}],"author":[{"embeddable":true,"href":"https:\/\/phoniquemedia.com\/fr\/wp-json\/wp\/v2\/users\/1"}],"replies":[{"embeddable":true,"href":"https:\/\/phoniquemedia.com\/fr\/wp-json\/wp\/v2\/comments?post=264"}],"version-history":[{"count":0,"href":"https:\/\/phoniquemedia.com\/fr\/wp-json\/wp\/v2\/pages\/264\/revisions"}],"wp:attachment":[{"href":"https:\/\/phoniquemedia.com\/fr\/wp-json\/wp\/v2\/media?parent=264"}],"curies":[{"name":"wp","href":"https:\/\/api.w.org\/{rel}","templated":true}]}}